{"id":5,"date":"2021-04-09T08:35:04","date_gmt":"2021-04-09T08:35:04","guid":{"rendered":"http:\/\/desteptati.ro\/?page_id=5"},"modified":"2023-03-24T18:13:01","modified_gmt":"2023-03-24T16:13:01","slug":"desteptati-va","status":"publish","type":"page","link":"https:\/\/desteptati-va.ro\/","title":{"rendered":"Desteptati-va"},"content":{"rendered":"<div class=\"post-content\">\n<figure class=\"wp-block-video\"><video height=\"360\" style=\"aspect-ratio: 640 \/ 360;\" width=\"640\" autoplay controls loop poster=\"https:\/\/desteptati-va.ro\/wp-content\/uploads\/2022\/04\/Desteptati-va-mp4-image.png\" src=\"https:\/\/desteptati-va.ro\/wp-content\/uploads\/2022\/04\/Desteptati-va.mp4\"><\/video><\/figure>\n\n\n\n<h4 class=\"wp-block-heading\" id=\"am-inceput-constructia-acestui-site-pentru-ca-ne-am-dat-seama-ca-a\u0219a-nu-se-mai-poate-si-ca-trebuie-sa-facem-ceva-lucrand-in-domeniul-it-ne-am-hotarat-sa-asociem-informatia-cu-adevarul-si-sa-o-prezentam-spre-dezbatere-publicului-larg\"><strong>Am \u00eenceput construc\u0163ia acestui site pentru c\u0103 ne-am dat seama c\u0103 a\u0219a nu se mai poate \u015fi c\u0103 trebuie s\u0103 facem ceva. Lucr\u00e2nd \u00een domeniul IT, ne-am hot\u0103r\u00e2t s\u0103 asociem informa\u0163ia cu adev\u0103rul \u015fi s\u0103 o prezent\u0103m spre dezbatere publicului larg.<\/strong><\/h4>\n\n\n\n<h4 class=\"wp-block-heading\" id=\"toate-materialele-care-apar-sunt-publice-provenind-din-surse-deschise-ce-vor-fi-precizate-multe-dintre-ele-existand-pe-internet-sau-in-biblioteci-altele-provenind-de-la-persoane-cu-expertiza-asupra-celor-prezentate-contribu\u021bia-noastra-este-de-a-le-selecta-incadra-\u0219i-prezenta-in-acord-cu-spiritul-site-ului\"><strong>Toate materialele care apar sunt publice, provenind din surse deschise ce vor fi precizate, multe dintre ele exist\u00e2nd pe Internet sau \u00een biblioteci, altele provenind de la persoane cu expertiz\u0103 asupra celor prezentate. Contribu\u021bia noastr\u0103 este de a le selecta, \u00eencadra \u0219i prezenta \u00een acord cu spiritul site-ului.<\/strong><\/h4>\n\n\n\n<h4 class=\"wp-block-heading\" id=\"nu-credem-si-nu-am-crezut-niciodata-ca-adevarul-tine-exclusiv-de-un-sistem-de-o-clasa-sociala-de-un-grup-sau-de-o-persoana-adevarul-exista-si-atat-de-aceea-va-rugam-pe-toti-cei-care-simtiti-romaneste-sa-veniti-langa-noi-impreuna-sa-prezentam-lumii-informatii-despre-cine-am-fost-ca-popor-care-ne-a-fost-istoria-cine-ne-a-condus-cine-ne-conduce-ce-ni-se-intampla-cine-ne-a-adus-in-starea-actuala-de-ce-\u0219i-cum\"><strong>Nu credem si nu am crezut niciodat\u0103 c\u0103 adevarul \u0163ine exclusiv de un sistem, de o clas\u0103 social\u0103, de un grup sau de o persoan\u0103. Adevarul exist\u0103 \u015fi at\u00e2t. De aceea v\u0103 rug\u0103m pe to\u0163i cei care sim\u0163i\u0163i rom\u00e2ne\u015fte s\u0103 veni\u0163i l\u00e2ng\u0103 noi. \u00cempreun\u0103 s\u0103 prezent\u0103m lumii informa\u0163ii despre cine am fost ca popor, care ne-a fost istoria, cine ne-a condus, cine ne conduce, ce ni se \u00eent\u00e2mpl\u0103,&nbsp; cine ne-a adus \u00een starea actual\u0103, de ce \u0219i cum.<\/strong><\/h4>\n\n\n\n<h4 class=\"wp-block-heading\" id=\"am-hotarat-sa-nu-publicam-informatii-denigratoare-la-adresa-vreunei-persoane-partid-sau-organism-guvernamental-dar-nu-vom-ezita-sa-prezentam-fapte-despre-modul-cum-a-fost-spoliata-marea-masa-a-populatiei-romaniei-cum-a-fost-facuta-privatizarea-cum-au-fost-facute-marile-averi-si-cine-sunt-potentatii-vremurilor-noastre\"><strong>Am hotar\u00e2t s\u0103 nu publicam informa\u0163ii denigratoare la adresa vreunei persoane, partid sau organism guvernamental, dar nu vom ezita s\u0103 prezent\u0103m fapte despre modul cum a fost spoliat\u0103 marea mas\u0103 a popula\u0163iei Rom\u00e2niei, cum a fost f\u0103cut\u0103 privatizarea, cum au fost facute marile averi \u015fi cine sunt potenta\u0163ii vremurilor noastre.<\/strong><\/h4>\n\n\n\n<h4 class=\"wp-block-heading\" id=\"vom-prezenta-momente-cruciale-din-istoria-\u021barii-pentru-ca-tinerii-sa-cunoasca-si-sa-redobandeasca-mandria-ca-apartin-acestui-popor-cu-o-istorie-de-peste-2000-de-ani-nu-vom-romanta-nimic-in-masura-puterilor-noastre-vom-incerca-prezentarea-impar\u021biala-a-acestor-momente\"><strong>Vom prezenta momente cruciale din istoria \u021b\u0103rii, pentru ca tinerii s\u0103 cunoasc\u0103 \u015fi s\u0103 redob\u00e2ndeasc\u0103 m\u00e2ndria c\u0103 apar\u0163in acestui popor cu o istorie de peste 2000 de ani. Nu vom roman\u0163a nimic. \u00cen m\u0103sura puterilor noastre vom \u00eencerca prezentarea impar\u021bial\u0103 a acestor momente.<\/strong><\/h4>\n\n\n\n<h4 class=\"wp-block-heading\" id=\"in-ultimii-20-de-ani-am-tot-daramat-intreprinderi-spitale-\u0219coli-caractere-principii-ierarhii-valori-constiinte-si-ce-am-pus-in-loc-nimic-va-rog-sa-veniti-langa-noi-ca-impreuna-sa-elaboram-modele-pentru-redresare-economica-sa-promovam-cinstea-si-valoarea-sa-oprim-jefuirea-\u021barii-sa-devenim-proprii-nostri-stapani\"><strong>\u00cen ultimii 20 de ani am tot d\u0103r\u00e2mat \u00eentreprinderi, spitale, \u0219coli, caractere, principii, ierarhii, valori, con\u015ftiin\u0163e&#8230; \u015fi ce am pus \u00een loc? Nimic! V\u0103 rog s\u0103 veni\u0163i l\u00e2ng\u0103 noi, ca \u00eempreun\u0103, s\u0103 elaboram modele pentru redresare economic\u0103, s\u0103 promov\u0103m Cinstea \u015fi Valoarea, s\u0103 oprim jefuirea \u021b\u0103rii, s\u0103 devenim proprii no\u015ftri st\u0103p\u00e2ni.<\/strong><\/h4>\n\n\n\n<h4 class=\"wp-block-heading\" id=\"e-greu-dar-credem-ca-merita-incercat\"><strong>E greu, dar credem c\u0103 merit\u0103 \u00eencercat.<\/strong><\/h4>\n<\/div>","protected":false},"excerpt":{"rendered":"<p>Am \u00eenceput construc\u0163ia acestui site pentru c\u0103 ne-am dat seama c\u0103 a\u0219a nu se mai poate \u015fi c\u0103 trebuie s\u0103<a href=\"https:\/\/desteptati-va.ro\/\">Read More<i class=\"fa fa-long-arrow-right\" aria-hidden=\"true\"><\/i><\/a><\/p>\n","protected":false},"author":1,"featured_media":0,"parent":0,"menu_order":0,"comment_status":"closed","ping_status":"closed","template":"","meta":{"_crdt_document":"","footnotes":""},"class_list":["post-5","page","type-page","status-publish","hentry"],"rise-blocks_excerpt":"Am \u00eenceput construc\u0163ia acestui site pentru c\u0103 ne-am dat seama c\u0103 a\u0219a nu se mai poate \u015fi c\u0103 trebuie s\u0103 facem ceva. Lucr\u00e2nd \u00een domeniul IT, ne-am hot\u0103r\u00e2t s\u0103 asociem informa\u0163ia cu adev\u0103rul \u015fi s\u0103 o prezent\u0103m spre dezbatere publicului larg. Toate materialele care apar sunt publice, provenind din surse deschise ce vor fi precizate, multe dintre ele exist\u00e2nd pe..","yoast_head":"<!-- This site is optimized with the Yoast SEO plugin v26.9 - https:\/\/yoast.com\/product\/yoast-seo-wordpress\/ -->\r\n<title>Desteptati-va -<\/title>\r\n<meta name=\"robots\" content=\"index, follow, max-snippet:-1, max-image-preview:large, max-video-preview:-1\" \/>\r\n<link rel=\"canonical\" href=\"https:\/\/desteptati-va.ro\/\" \/>\r\n<meta property=\"og:locale\" content=\"ro_RO\" \/>\r\n<meta property=\"og:type\" content=\"article\" \/>\r\n<meta property=\"og:title\" content=\"Desteptati-va -\" \/>\r\n<meta property=\"og:description\" content=\"Am \u00eenceput construc\u0163ia acestui site pentru c\u0103 ne-am dat seama c\u0103 a\u0219a nu se mai poate \u015fi c\u0103 trebuie s\u0103Read More\" \/>\r\n<meta property=\"og:url\" content=\"https:\/\/desteptati-va.ro\/\" \/>\r\n<meta property=\"article:modified_time\" content=\"2023-03-24T16:13:01+00:00\" \/>\r\n<meta name=\"twitter:card\" content=\"summary_large_image\" \/>\r\n<meta name=\"twitter:label1\" content=\"Timp estimat pentru citire\" \/>\n\t<meta name=\"twitter:data1\" content=\"2 minute\" \/>\r\n<script type=\"application\/ld+json\" class=\"yoast-schema-graph\">{\"@context\":\"https:\/\/schema.org\",\"@graph\":[{\"@type\":\"WebPage\",\"@id\":\"https:\/\/desteptati-va.ro\/\",\"url\":\"https:\/\/desteptati-va.ro\/\",\"name\":\"Desteptati-va -\",\"isPartOf\":{\"@id\":\"https:\/\/desteptati-va.ro\/#website\"},\"datePublished\":\"2021-04-09T08:35:04+00:00\",\"dateModified\":\"2023-03-24T16:13:01+00:00\",\"breadcrumb\":{\"@id\":\"https:\/\/desteptati-va.ro\/#breadcrumb\"},\"inLanguage\":\"ro-RO\",\"potentialAction\":[{\"@type\":\"ReadAction\",\"target\":[\"https:\/\/desteptati-va.ro\/\"]}]},{\"@type\":\"BreadcrumbList\",\"@id\":\"https:\/\/desteptati-va.ro\/#breadcrumb\",\"itemListElement\":[{\"@type\":\"ListItem\",\"position\":1,\"name\":\"Prima pagin\u0103\",\"item\":\"https:\/\/desteptati-va.ro\/\"},{\"@type\":\"ListItem\",\"position\":2,\"name\":\"Desteptati-va\"}]},{\"@type\":\"WebSite\",\"@id\":\"https:\/\/desteptati-va.ro\/#website\",\"url\":\"https:\/\/desteptati-va.ro\/\",\"name\":\"\",\"description\":\"\",\"potentialAction\":[{\"@type\":\"SearchAction\",\"target\":{\"@type\":\"EntryPoint\",\"urlTemplate\":\"https:\/\/desteptati-va.ro\/?s={search_term_string}\"},\"query-input\":{\"@type\":\"PropertyValueSpecification\",\"valueRequired\":true,\"valueName\":\"search_term_string\"}}],\"inLanguage\":\"ro-RO\"}]}<\/script>\r\n<!-- \/ Yoast SEO plugin. -->","yoast_head_json":{"title":"Desteptati-va -","robots":{"index":"index","follow":"follow","max-snippet":"max-snippet:-1","max-image-preview":"max-image-preview:large","max-video-preview":"max-video-preview:-1"},"canonical":"https:\/\/desteptati-va.ro\/","og_locale":"ro_RO","og_type":"article","og_title":"Desteptati-va -","og_description":"Am \u00eenceput construc\u0163ia acestui site pentru c\u0103 ne-am dat seama c\u0103 a\u0219a nu se mai poate \u015fi c\u0103 trebuie s\u0103Read More","og_url":"https:\/\/desteptati-va.ro\/","article_modified_time":"2023-03-24T16:13:01+00:00","twitter_card":"summary_large_image","twitter_misc":{"Timp estimat pentru citire":"2 minute"},"schema":{"@context":"https:\/\/schema.org","@graph":[{"@type":"WebPage","@id":"https:\/\/desteptati-va.ro\/","url":"https:\/\/desteptati-va.ro\/","name":"Desteptati-va -","isPartOf":{"@id":"https:\/\/desteptati-va.ro\/#website"},"datePublished":"2021-04-09T08:35:04+00:00","dateModified":"2023-03-24T16:13:01+00:00","breadcrumb":{"@id":"https:\/\/desteptati-va.ro\/#breadcrumb"},"inLanguage":"ro-RO","potentialAction":[{"@type":"ReadAction","target":["https:\/\/desteptati-va.ro\/"]}]},{"@type":"BreadcrumbList","@id":"https:\/\/desteptati-va.ro\/#breadcrumb","itemListElement":[{"@type":"ListItem","position":1,"name":"Prima pagin\u0103","item":"https:\/\/desteptati-va.ro\/"},{"@type":"ListItem","position":2,"name":"Desteptati-va"}]},{"@type":"WebSite","@id":"https:\/\/desteptati-va.ro\/#website","url":"https:\/\/desteptati-va.ro\/","name":"","description":"","potentialAction":[{"@type":"SearchAction","target":{"@type":"EntryPoint","urlTemplate":"https:\/\/desteptati-va.ro\/?s={search_term_string}"},"query-input":{"@type":"PropertyValueSpecification","valueRequired":true,"valueName":"search_term_string"}}],"inLanguage":"ro-RO"}]}},"_links":{"self":[{"href":"https:\/\/desteptati-va.ro\/index.php\/wp-json\/wp\/v2\/pages\/5","targetHints":{"allow":["GET"]}}],"collection":[{"href":"https:\/\/desteptati-va.ro\/index.php\/wp-json\/wp\/v2\/pages"}],"about":[{"href":"https:\/\/desteptati-va.ro\/index.php\/wp-json\/wp\/v2\/types\/page"}],"author":[{"embeddable":true,"href":"https:\/\/desteptati-va.ro\/index.php\/wp-json\/wp\/v2\/users\/1"}],"replies":[{"embeddable":true,"href":"https:\/\/desteptati-va.ro\/index.php\/wp-json\/wp\/v2\/comments?post=5"}],"version-history":[{"count":17,"href":"https:\/\/desteptati-va.ro\/index.php\/wp-json\/wp\/v2\/pages\/5\/revisions"}],"predecessor-version":[{"id":5278,"href":"https:\/\/desteptati-va.ro\/index.php\/wp-json\/wp\/v2\/pages\/5\/revisions\/5278"}],"wp:attachment":[{"href":"https:\/\/desteptati-va.ro\/index.php\/wp-json\/wp\/v2\/media?parent=5"}],"curies":[{"name":"wp","href":"https:\/\/api.w.org\/{rel}","templated":true}]}}